{"id":54,"date":"2022-08-22T07:15:27","date_gmt":"2022-08-22T05:15:27","guid":{"rendered":"https:\/\/ich.habe.mitgemacht.ch\/?page_id=54"},"modified":"2022-09-02T12:04:41","modified_gmt":"2022-09-02T10:04:41","slug":"ihr-haettet-es-wissen-koennen","status":"publish","type":"page","link":"https:\/\/ich.habe.mitgemacht.ch\/?page_id=54","title":{"rendered":"Ihr h\u00e4ttet es wissen k\u00f6nnen"},"content":{"rendered":"\n<p>Gewidmet allen jenen, die &#171;von nichts gewusst haben&#187;, nur &#171;mitgemacht haben&#187;. Warum erinnern diese Aussagen so verdammt an jene aus einer anderen Zeit?<\/p>\n\n\n\n<p>Eine kleine Sammlung an News, die auffallen h\u00e4tten m\u00fcssen.<\/p>\n\n\n<style>#sp-ea-220 .spcollapsing { height: 0; overflow: hidden; transition-property: height;transition-duration: 300ms;}#sp-ea-220.sp-easy-accordion>.sp-ea-single {margin-bottom: 10px; border: 1px solid #e2e2e2; }#sp-ea-220.sp-easy-accordion>.sp-ea-single>.ea-header a {color: #444;}#sp-ea-220.sp-easy-accordion>.sp-ea-single>.sp-collapse>.ea-body {background: #fff; color: #444;}#sp-ea-220.sp-easy-accordion>.sp-ea-single {background: #eee;}#sp-ea-220.sp-easy-accordion>.sp-ea-single>.ea-header a .ea-expand-icon { float: right; color: #444;font-size: 16px;}#sp-ea-220.sp-easy-accordion>.sp-ea-single>.ea-header a .ea-expand-icon {margin-right: 0;}<\/style><div id=\"sp_easy_accordion-1777624076\"><div id=\"sp-ea-220\" class=\"sp-ea-one sp-easy-accordion\" data-ea-active=\"ea-click\" data-ea-mode=\"vertical\" data-preloader=\"\" data-scroll-active-item=\"\" data-offset-to-scroll=\"0\"><div class=\"ea-card sp-ea-single\"><h3 class=\"ea-header\"><a class=\"collapsed\" id=\"ea-header-2200\" role=\"button\" data-sptoggle=\"spcollapse\" data-sptarget=\"#collapse2200\" aria-controls=\"collapse2200\" href=\"#\" aria-expanded=\"false\" tabindex=\"0\"><i aria-hidden=\"true\" role=\"presentation\" class=\"ea-expand-icon eap-icon-ea-expand-plus\"><\/i> <p><strong>Doppelt geimpft und infiziert<\/strong><\/p><font size=\"2\"><em>SRF, 19.12.2021<\/em><\/font><\/a><\/h3><div class=\"sp-collapse spcollapse spcollapse\" id=\"collapse2200\" data-parent=\"#sp-ea-220\" role=\"region\" aria-labelledby=\"ea-header-2200\"> <div class=\"ea-body\"><p><strong>Geimpft und getestet<\/strong> \u00abAlle waren geimpft worden. Keiner von ihnen zeigte Symptome und alle hatten vor dem Essen einen Selbsttest durchgef\u00fchrt\u00bb, sagte Tine Ravlo, Leiterin der st\u00e4dtischen Gesundheitsbeh\u00f6rde, gegen\u00fcber AFP. Sie betonte: \u00abAlles wurde ordnungsgem\u00e4ss durchgef\u00fchrt und es wurde gegen keine der Regeln verstossen.\u00bb<\/p><p><em>SRF - Sonntag, 19.12.2021, 16:04 Uhr<\/em><\/p><p><a href=\"https:\/\/www.srf.ch\/news\/international\/doppelt-geimpft-und-infiziert-details-ueber-omikron-ausbruch-in-osloer-restaurant-bekannt\">https:\/\/www.srf.ch\/news\/international\/doppelt-geimpft-und-infiziert-details-ueber-omikron-ausbruch-in-osloer-restaurant-bekannt\u00a0<\/a><\/p><p><img loading=\"lazy\" decoding=\"async\" class=\"alignnone wp-image-58\" src=\"https:\/\/ich.habe.mitgemacht.ch\/wp-content\/uploads\/2022\/08\/Bildschirmfoto-2022-08-22-um-07.23.03.png\" alt=\"\" width=\"730\" height=\"1023\" srcset=\"https:\/\/ich.habe.mitgemacht.ch\/wp-content\/uploads\/2022\/08\/Bildschirmfoto-2022-08-22-um-07.23.03.png 1534w, https:\/\/ich.habe.mitgemacht.ch\/wp-content\/uploads\/2022\/08\/Bildschirmfoto-2022-08-22-um-07.23.03-214x300.png 214w, https:\/\/ich.habe.mitgemacht.ch\/wp-content\/uploads\/2022\/08\/Bildschirmfoto-2022-08-22-um-07.23.03-731x1024.png 731w, https:\/\/ich.habe.mitgemacht.ch\/wp-content\/uploads\/2022\/08\/Bildschirmfoto-2022-08-22-um-07.23.03-768x1076.png 768w, https:\/\/ich.habe.mitgemacht.ch\/wp-content\/uploads\/2022\/08\/Bildschirmfoto-2022-08-22-um-07.23.03-1096x1536.png 1096w, https:\/\/ich.habe.mitgemacht.ch\/wp-content\/uploads\/2022\/08\/Bildschirmfoto-2022-08-22-um-07.23.03-1461x2048.png 1461w\" sizes=\"auto, (max-width: 730px) 100vw, 730px\" \/><\/p><\/div><\/div><\/div><div class=\"ea-card sp-ea-single\"><h3 class=\"ea-header\"><a class=\"collapsed\" id=\"ea-header-2201\" role=\"button\" data-sptoggle=\"spcollapse\" data-sptarget=\"#collapse2201\" aria-controls=\"collapse2201\" href=\"#\" aria-expanded=\"false\" tabindex=\"0\"><i aria-hidden=\"true\" role=\"presentation\" class=\"ea-expand-icon eap-icon-ea-expand-plus\"><\/i> <p><strong>\"Austria goes Zrce\": Schon mehr als 300 Infizierte<\/strong><\/p><font size=\"2\"><em>Kurier, 30.07.2021<\/em><\/font><\/a><\/h3><div class=\"sp-collapse spcollapse spcollapse\" id=\"collapse2201\" data-parent=\"#sp-ea-220\" role=\"region\" aria-labelledby=\"ea-header-2201\"> <div class=\"ea-body\"><p><strong>Immer mehr Personen werden nach Koratien-R\u00fcckkehr positiv getestet. M\u00fcckstein: Festival hatte \"gute Sicherheitsstandards\"<\/strong><\/p><p>Mehr als 300 nach \u00d6sterreich zur\u00fcckgekehrte Festivalbesucher h\u00e4tten sich bisher nachgewiesenerweise mit Corona angesteckt, best\u00e4tigte Katharina Reich, Generaldirektorin f\u00fcr die \u00f6ffentliche Gesundheit, im \u00d61-Mittagsjournal die neuerlich deutlich angestiegene Fallzahl.<\/p><p><em>Kurier, 30.07.2021<\/em><\/p><p><a href=\"https:\/\/kurier.at\/chronik\/oesterreich\/austria-goes-zrce-zahl-der-infizierten-steigt-ueber-300\/401459011\">https:\/\/kurier.at\/chronik\/oesterreich\/austria-goes-zrce-zahl-der-infizierten-steigt-ueber-300\/401459011\u00a0<\/a><\/p><p><img loading=\"lazy\" decoding=\"async\" class=\"alignnone wp-image-224\" src=\"https:\/\/ich.habe.mitgemacht.ch\/wp-content\/uploads\/2022\/09\/Screenshot-2022-09-02-at-11-42-23-Austria-goes-Zrce-Schon-mehr-als-300-Infizierte.png\" alt=\"\" width=\"603\" height=\"935\" srcset=\"https:\/\/ich.habe.mitgemacht.ch\/wp-content\/uploads\/2022\/09\/Screenshot-2022-09-02-at-11-42-23-Austria-goes-Zrce-Schon-mehr-als-300-Infizierte.png 775w, https:\/\/ich.habe.mitgemacht.ch\/wp-content\/uploads\/2022\/09\/Screenshot-2022-09-02-at-11-42-23-Austria-goes-Zrce-Schon-mehr-als-300-Infizierte-193x300.png 193w, https:\/\/ich.habe.mitgemacht.ch\/wp-content\/uploads\/2022\/09\/Screenshot-2022-09-02-at-11-42-23-Austria-goes-Zrce-Schon-mehr-als-300-Infizierte-660x1024.png 660w, https:\/\/ich.habe.mitgemacht.ch\/wp-content\/uploads\/2022\/09\/Screenshot-2022-09-02-at-11-42-23-Austria-goes-Zrce-Schon-mehr-als-300-Infizierte-768x1191.png 768w\" sizes=\"auto, (max-width: 603px) 100vw, 603px\" \/><\/p><\/div><\/div><\/div><div class=\"ea-card sp-ea-single\"><h3 class=\"ea-header\"><a class=\"collapsed\" id=\"ea-header-2202\" role=\"button\" data-sptoggle=\"spcollapse\" data-sptarget=\"#collapse2202\" aria-controls=\"collapse2202\" href=\"#\" aria-expanded=\"false\" tabindex=\"0\"><i aria-hidden=\"true\" role=\"presentation\" class=\"ea-expand-icon eap-icon-ea-expand-plus\"><\/i> <p><strong>Musste lesen - wissenschaftlicher Fortschritt in 10 Tagen (!!)<\/strong><\/p><font size=\"2\"><em>Bild, 29.06 &amp; 09.07.2021<\/em><\/font><\/a><\/h3><div class=\"sp-collapse spcollapse spcollapse\" id=\"collapse2202\" data-parent=\"#sp-ea-220\" role=\"region\" aria-labelledby=\"ea-header-2202\"> <div class=\"ea-body\"><p><strong><em>Bild, 29.06.2021<\/em><\/strong><br \/>T\u00e4glich werden in Deutschland bis zu 800 000 Menschen gegen Corona geimpft. <strong>US-Forscher fanden jetzt heraus, dass mRNA-Impfstoffe jahrelang sch\u00fctzen.<\/strong><em><br \/><a href=\"https:\/\/www.bild.de\/ratgeber\/gesundheit\/gesundheit\/hammer-studie-aus-den-usa-forscher-sicher-jahrelanger-schutz-nach-diesen-beiden-76908882.bild.html\">https:\/\/www.bild.de\/ratgeber\/gesundheit\/gesundheit\/hammer-studie-aus-den-usa-forscher-sicher-jahrelanger-schutz-nach-diesen-beiden-76908882.bild.html\u00a0<\/a><br \/><\/em><\/p><p><strong><em>Bild, 09.07.2021<\/em><\/strong><br \/>Aus Vermutungen wurde nun Gewissheit: <strong>Die Schutzwirkung des mRNA-Impfstoffs von Biontech\/Pfizer geht nach etwa einem halben Jahr zur\u00fcck.<\/strong><em><br \/><a href=\"https:\/\/www.bild.de\/ratgeber\/2021\/ratgeber\/corona-impfung-dritter-piks-wird-nach-sechs-monaten-noetig-77029400.bild.html\">https:\/\/www.bild.de\/ratgeber\/2021\/ratgeber\/corona-impfung-dritter-piks-wird-nach-sechs-monaten-noetig-77029400.bild.html\u00a0<\/a><br \/><\/em><\/p><p><img loading=\"lazy\" decoding=\"async\" class=\"alignnone size-full wp-image-66\" src=\"https:\/\/ich.habe.mitgemacht.ch\/wp-content\/uploads\/2022\/08\/Bildschirmfoto-2022-08-22-um-22.11.36.png\" alt=\"\" width=\"1364\" height=\"1194\" srcset=\"https:\/\/ich.habe.mitgemacht.ch\/wp-content\/uploads\/2022\/08\/Bildschirmfoto-2022-08-22-um-22.11.36.png 1364w, https:\/\/ich.habe.mitgemacht.ch\/wp-content\/uploads\/2022\/08\/Bildschirmfoto-2022-08-22-um-22.11.36-300x263.png 300w, https:\/\/ich.habe.mitgemacht.ch\/wp-content\/uploads\/2022\/08\/Bildschirmfoto-2022-08-22-um-22.11.36-1024x896.png 1024w, https:\/\/ich.habe.mitgemacht.ch\/wp-content\/uploads\/2022\/08\/Bildschirmfoto-2022-08-22-um-22.11.36-768x672.png 768w\" sizes=\"auto, (max-width: 1364px) 100vw, 1364px\" \/><\/p><\/div><\/div><\/div><div class=\"ea-card sp-ea-single\"><h3 class=\"ea-header\"><a class=\"collapsed\" id=\"ea-header-2203\" role=\"button\" data-sptoggle=\"spcollapse\" data-sptarget=\"#collapse2203\" aria-controls=\"collapse2203\" href=\"#\" aria-expanded=\"false\" tabindex=\"0\"><i aria-hidden=\"true\" role=\"presentation\" class=\"ea-expand-icon eap-icon-ea-expand-plus\"><\/i> <p><strong>Trotz Impfungen und Tests: 180 Menschen infizieren sich nach \u201eCovid-free\u201c-Party in den Niederlanden<\/strong><\/p><font size=\"2\"><em>Business Insider, 08.07.2021<\/em><\/font><\/a><\/h3><div class=\"sp-collapse spcollapse spcollapse\" id=\"collapse2203\" data-parent=\"#sp-ea-220\" role=\"region\" aria-labelledby=\"ea-header-2203\"> <div class=\"ea-body\"><p>In der \u201eAspen Valley Bar\u201c mussten die G\u00e4ste nachweisen, dass sie geimpft oder nicht infiziert waren, um ihre \u201eCorona-Eintrittskarte\u201c im Vorverkauf zu bekommen. Am Eingang der Bar mussten sie dann \u00fcber einen QR-Code erneut einen negativen Corona-Test oder ihren Impfausweis zeigen.<\/p><p>Mittlerweile, knapp zwei Wochen danach, sind mindestens 180 Partyg\u00e4nger positiv auf das Virus getestet worden.<\/p><p><em>Business Insider, 08.07.2021<\/em><\/p><p><a href=\"https:\/\/www.businessinsider.de\/wissenschaft\/gesundheit\/trotz-impfung-und-tests-180-menschen-infizieren-sich-nach-covid-free-party-in-den-niederlanden-a\/\" target=\"_blank\" rel=\"noopener\">https:\/\/www.businessinsider.de\/wissenschaft\/gesundheit\/trotz-impfung-und-tests-180-menschen-infizieren-sich-nach-covid-free-party-in-den-niederlanden-a\/<\/a><\/p><p><img loading=\"lazy\" decoding=\"async\" class=\"alignnone wp-image-87\" src=\"https:\/\/ich.habe.mitgemacht.ch\/wp-content\/uploads\/2022\/08\/Bildschirmfoto-2022-08-22-um-23.26.54.png\" alt=\"\" width=\"823\" height=\"802\" srcset=\"https:\/\/ich.habe.mitgemacht.ch\/wp-content\/uploads\/2022\/08\/Bildschirmfoto-2022-08-22-um-23.26.54.png 2460w, https:\/\/ich.habe.mitgemacht.ch\/wp-content\/uploads\/2022\/08\/Bildschirmfoto-2022-08-22-um-23.26.54-300x292.png 300w, https:\/\/ich.habe.mitgemacht.ch\/wp-content\/uploads\/2022\/08\/Bildschirmfoto-2022-08-22-um-23.26.54-1024x998.png 1024w, https:\/\/ich.habe.mitgemacht.ch\/wp-content\/uploads\/2022\/08\/Bildschirmfoto-2022-08-22-um-23.26.54-768x749.png 768w, https:\/\/ich.habe.mitgemacht.ch\/wp-content\/uploads\/2022\/08\/Bildschirmfoto-2022-08-22-um-23.26.54-1536x1497.png 1536w, https:\/\/ich.habe.mitgemacht.ch\/wp-content\/uploads\/2022\/08\/Bildschirmfoto-2022-08-22-um-23.26.54-2048x1996.png 2048w\" sizes=\"auto, (max-width: 823px) 100vw, 823px\" \/><\/p><\/div><\/div><\/div><div class=\"ea-card sp-ea-single\"><h3 class=\"ea-header\"><a class=\"collapsed\" id=\"ea-header-2204\" role=\"button\" data-sptoggle=\"spcollapse\" data-sptarget=\"#collapse2204\" aria-controls=\"collapse2204\" href=\"#\" aria-expanded=\"false\" tabindex=\"0\"><i aria-hidden=\"true\" role=\"presentation\" class=\"ea-expand-icon eap-icon-ea-expand-plus\"><\/i> <p><strong>Vorbild China? So denken Wissenschafter heute \u00fcber ihre Lockdown-Forderungen<\/strong><\/p><font size=\"2\"><em>NZZ, 23.07.2021<\/em><\/font><\/a><\/h3><div class=\"sp-collapse spcollapse spcollapse\" id=\"collapse2204\" data-parent=\"#sp-ea-220\" role=\"region\" aria-labelledby=\"ea-header-2204\"> <div class=\"ea-body\"><p>90 namhafte Forscher aus Deutschland und der Schweiz pochten Ende 2020 auf harte Corona-Massnahmen. Ihre Vorbilder: China und Australien. In einer NZZ-Umfrage verteidigen die meisten den Aufruf, einer erinnert sich nicht mehr, andere distanzieren sich deutlich.<\/p><p><em>NZZ, 23.07.2021<\/em><\/p><p><a href=\"https:\/\/www.nzz.ch\/visuals\/vorbild-china-das-sagen-forscher-heute-zum-lockdown-aufruf-ld.1694331\" target=\"_blank\" rel=\"noopener\">https:\/\/www.nzz.ch\/visuals\/vorbild-china-das-sagen-forscher-heute-zum-lockdown-aufruf-ld.1694331<\/a><\/p><p><img loading=\"lazy\" decoding=\"async\" class=\"alignnone wp-image-89\" src=\"https:\/\/ich.habe.mitgemacht.ch\/wp-content\/uploads\/2022\/08\/Bildschirmfoto-2022-08-22-um-23.34.38.png\" alt=\"\" width=\"938\" height=\"853\" srcset=\"https:\/\/ich.habe.mitgemacht.ch\/wp-content\/uploads\/2022\/08\/Bildschirmfoto-2022-08-22-um-23.34.38.png 2406w, https:\/\/ich.habe.mitgemacht.ch\/wp-content\/uploads\/2022\/08\/Bildschirmfoto-2022-08-22-um-23.34.38-300x273.png 300w, https:\/\/ich.habe.mitgemacht.ch\/wp-content\/uploads\/2022\/08\/Bildschirmfoto-2022-08-22-um-23.34.38-1024x931.png 1024w, https:\/\/ich.habe.mitgemacht.ch\/wp-content\/uploads\/2022\/08\/Bildschirmfoto-2022-08-22-um-23.34.38-768x698.png 768w, https:\/\/ich.habe.mitgemacht.ch\/wp-content\/uploads\/2022\/08\/Bildschirmfoto-2022-08-22-um-23.34.38-1536x1397.png 1536w, https:\/\/ich.habe.mitgemacht.ch\/wp-content\/uploads\/2022\/08\/Bildschirmfoto-2022-08-22-um-23.34.38-2048x1862.png 2048w\" sizes=\"auto, (max-width: 938px) 100vw, 938px\" \/><\/p><\/div><\/div><\/div><div class=\"ea-card sp-ea-single\"><h3 class=\"ea-header\"><a class=\"collapsed\" id=\"ea-header-2205\" role=\"button\" data-sptoggle=\"spcollapse\" data-sptarget=\"#collapse2205\" aria-controls=\"collapse2205\" href=\"#\" aria-expanded=\"false\" tabindex=\"0\"><i aria-hidden=\"true\" role=\"presentation\" class=\"ea-expand-icon eap-icon-ea-expand-plus\"><\/i> <p><strong>Wie z\u00e4hlt man Corona Patienten? Schweizer Bundespr\u00e4sident Cassis kl\u00e4rt auf<\/strong><\/p><font size=\"2\"><em>Arena SRF, 07.01.22<\/em><\/font><\/a><\/h3><div class=\"sp-collapse spcollapse spcollapse\" id=\"collapse2205\" data-parent=\"#sp-ea-220\" role=\"region\" aria-labelledby=\"ea-header-2205\"> <div class=\"ea-body\"><p><em>Arena SRF, 07.01.22<\/em><\/p><p><a href=\"https:\/\/www.youtube.com\/watch?app=desktop&amp;v=wFEkMiqb018\" target=\"_blank\" rel=\"noopener\">https:\/\/www.youtube.com\/watch?app=desktop&amp;v=wFEkMiqb018<\/a><\/p><p><img loading=\"lazy\" decoding=\"async\" class=\"alignnone wp-image-106\" src=\"https:\/\/ich.habe.mitgemacht.ch\/wp-content\/uploads\/2022\/08\/Bildschirmfoto-2022-08-24-um-21.17.49.png\" alt=\"\" width=\"715\" height=\"469\" srcset=\"https:\/\/ich.habe.mitgemacht.ch\/wp-content\/uploads\/2022\/08\/Bildschirmfoto-2022-08-24-um-21.17.49.png 3098w, https:\/\/ich.habe.mitgemacht.ch\/wp-content\/uploads\/2022\/08\/Bildschirmfoto-2022-08-24-um-21.17.49-300x197.png 300w, https:\/\/ich.habe.mitgemacht.ch\/wp-content\/uploads\/2022\/08\/Bildschirmfoto-2022-08-24-um-21.17.49-1024x672.png 1024w, https:\/\/ich.habe.mitgemacht.ch\/wp-content\/uploads\/2022\/08\/Bildschirmfoto-2022-08-24-um-21.17.49-768x504.png 768w, https:\/\/ich.habe.mitgemacht.ch\/wp-content\/uploads\/2022\/08\/Bildschirmfoto-2022-08-24-um-21.17.49-1536x1007.png 1536w, https:\/\/ich.habe.mitgemacht.ch\/wp-content\/uploads\/2022\/08\/Bildschirmfoto-2022-08-24-um-21.17.49-2048x1343.png 2048w\" sizes=\"auto, (max-width: 715px) 100vw, 715px\" \/><\/p><\/div><\/div><\/div><div class=\"ea-card sp-ea-single\"><h3 class=\"ea-header\"><a class=\"collapsed\" id=\"ea-header-2206\" role=\"button\" data-sptoggle=\"spcollapse\" data-sptarget=\"#collapse2206\" aria-controls=\"collapse2206\" href=\"#\" aria-expanded=\"false\" tabindex=\"0\"><i aria-hidden=\"true\" role=\"presentation\" class=\"ea-expand-icon eap-icon-ea-expand-plus\"><\/i> <p><strong>Corona erreicht Polarstation in der Antarktis: Zwei Drittel der Forscher infiziert<\/strong><\/p><font size=\"2\"><em>gmx.ch, 03.01.2022<\/em><\/font><\/a><\/h3><div class=\"sp-collapse spcollapse spcollapse\" id=\"collapse2206\" data-parent=\"#sp-ea-220\" role=\"region\" aria-labelledby=\"ea-header-2206\"> <div class=\"ea-body\"><p>Etwa zwei Drittel der Mitarbeiterinnen und Mitarbeiter seien positiv auf Corona getestet worden. <strong>Alle Beteiligten seien mindestens zwei Mal geimpft und h\u00e4tten sich vor ihrem Aufenthalt einer zehnt\u00e4gigen Quarant\u00e4ne sowie mehreren PCR-Tests unterzogen<\/strong><\/p><p><em>gmx.ch (sowie weitere), 03.01.2022<\/em><\/p><p><a href=\"https:\/\/www.gmx.ch\/magazine\/news\/coronavirus\/corona-erreicht-polarstation-antarktis-drittel-forscher-infiziert-36481726\" target=\"_blank\" rel=\"noopener\">https:\/\/www.gmx.ch\/magazine\/news\/coronavirus\/corona-erreicht-polarstation-antarktis-drittel-forscher-infiziert-36481726<\/a><\/p><p><img loading=\"lazy\" decoding=\"async\" class=\"alignnone wp-image-219\" src=\"https:\/\/ich.habe.mitgemacht.ch\/wp-content\/uploads\/2022\/09\/Bildschirmfoto-2022-09-02-um-09.09.30.png\" alt=\"\" width=\"1175\" height=\"698\" srcset=\"https:\/\/ich.habe.mitgemacht.ch\/wp-content\/uploads\/2022\/09\/Bildschirmfoto-2022-09-02-um-09.09.30.png 3180w, https:\/\/ich.habe.mitgemacht.ch\/wp-content\/uploads\/2022\/09\/Bildschirmfoto-2022-09-02-um-09.09.30-300x178.png 300w, https:\/\/ich.habe.mitgemacht.ch\/wp-content\/uploads\/2022\/09\/Bildschirmfoto-2022-09-02-um-09.09.30-1024x608.png 1024w, https:\/\/ich.habe.mitgemacht.ch\/wp-content\/uploads\/2022\/09\/Bildschirmfoto-2022-09-02-um-09.09.30-768x456.png 768w, https:\/\/ich.habe.mitgemacht.ch\/wp-content\/uploads\/2022\/09\/Bildschirmfoto-2022-09-02-um-09.09.30-1536x912.png 1536w, https:\/\/ich.habe.mitgemacht.ch\/wp-content\/uploads\/2022\/09\/Bildschirmfoto-2022-09-02-um-09.09.30-2048x1216.png 2048w\" sizes=\"auto, (max-width: 1175px) 100vw, 1175px\" \/><\/p><\/div><\/div><\/div><div class=\"ea-card sp-ea-single\"><h3 class=\"ea-header\"><a class=\"collapsed\" id=\"ea-header-2207\" role=\"button\" data-sptoggle=\"spcollapse\" data-sptarget=\"#collapse2207\" aria-controls=\"collapse2207\" href=\"#\" aria-expanded=\"false\" tabindex=\"0\"><i aria-hidden=\"true\" role=\"presentation\" class=\"ea-expand-icon eap-icon-ea-expand-plus\"><\/i> <p><strong>Viruslast von Geimpften genauso hoch wie von Ungeimpften<\/strong><\/p><font size=\"2\"><em>Spiegel, 06.08.2021<\/em><\/font><\/a><\/h3><div class=\"sp-collapse spcollapse spcollapse\" id=\"collapse2207\" data-parent=\"#sp-ea-220\" role=\"region\" aria-labelledby=\"ea-header-2207\"> <div class=\"ea-body\"><p>Daten aus den USA deuteten bereits darauf hin: Nun hat auch England beobachtet, <strong>dass Geimpfte, die sich mit Delta infizieren, genauso ansteckend sein k\u00f6nnten wie Ungeimpfte.<\/strong><\/p><p><em>Spiegel, 06.08.2021<\/em><\/p><p><a href=\"https:\/\/www.spiegel.de\/wissenschaft\/medizin\/corona-viruslast-von-geimpften-genauso-hoch-wie-von-ungeimpften-a-4e21aeaa-78c6-4d61-b350-85bd32942a74\">Corona: Viruslast von Geimpften genauso hoch wie von Ungeimpften - DER SPIEGEL<\/a><\/p><p><img loading=\"lazy\" decoding=\"async\" class=\"alignnone wp-image-263\" src=\"https:\/\/ich.habe.mitgemacht.ch\/wp-content\/uploads\/2022\/09\/Screenshot-2022-09-02-at-17-06-34-Corona-Viruslast-von-Geimpften-genauso-hoch-wie-von-Ungeimpften.png\" alt=\"\" width=\"848\" height=\"989\" srcset=\"https:\/\/ich.habe.mitgemacht.ch\/wp-content\/uploads\/2022\/09\/Screenshot-2022-09-02-at-17-06-34-Corona-Viruslast-von-Geimpften-genauso-hoch-wie-von-Ungeimpften.png 978w, https:\/\/ich.habe.mitgemacht.ch\/wp-content\/uploads\/2022\/09\/Screenshot-2022-09-02-at-17-06-34-Corona-Viruslast-von-Geimpften-genauso-hoch-wie-von-Ungeimpften-257x300.png 257w, https:\/\/ich.habe.mitgemacht.ch\/wp-content\/uploads\/2022\/09\/Screenshot-2022-09-02-at-17-06-34-Corona-Viruslast-von-Geimpften-genauso-hoch-wie-von-Ungeimpften-878x1024.png 878w, https:\/\/ich.habe.mitgemacht.ch\/wp-content\/uploads\/2022\/09\/Screenshot-2022-09-02-at-17-06-34-Corona-Viruslast-von-Geimpften-genauso-hoch-wie-von-Ungeimpften-768x896.png 768w\" sizes=\"auto, (max-width: 848px) 100vw, 848px\" \/><\/p><\/div><\/div><\/div><div class=\"ea-card sp-ea-single\"><h3 class=\"ea-header\"><a class=\"collapsed\" id=\"ea-header-2208\" role=\"button\" data-sptoggle=\"spcollapse\" data-sptarget=\"#collapse2208\" aria-controls=\"collapse2208\" href=\"#\" aria-expanded=\"false\" tabindex=\"0\"><i aria-hidden=\"true\" role=\"presentation\" class=\"ea-expand-icon eap-icon-ea-expand-plus\"><\/i> <p><strong>Trotz 100 Prozent Impfquote: Gibraltar sagt Weihnachtsfeste ab<\/strong><\/p><font size=\"2\"><em>Berliner Zeitung, 18.11.2021<\/em><\/font><\/a><\/h3><div class=\"sp-collapse spcollapse spcollapse\" id=\"collapse2208\" data-parent=\"#sp-ea-220\" role=\"region\" aria-labelledby=\"ea-header-2208\"> <div class=\"ea-body\"><p>In kaum einer anderen Weltgegend ist die Corona-Impfquote so hoch. Dennoch steigen die Infektionszahlen. Die Bev\u00f6lkerung soll nun ihre Kontakte einschr\u00e4nken.<\/p><p><em>Berliner Zeitung, 18.11.2021<\/em><\/p><p><a href=\"https:\/\/www.berliner-zeitung.de\/news\/trotz-100-prozent-impfquote-gibraltar-sagt-weihnachtsfeste-ab-li.195627\">Trotz 100 Prozent Impfquote: Gibraltar sagt Weihnachtsfeste ab (berliner-zeitung.de)<\/a><\/p><p>\u00a0<\/p><p><img loading=\"lazy\" decoding=\"async\" class=\"alignnone wp-image-264\" src=\"https:\/\/ich.habe.mitgemacht.ch\/wp-content\/uploads\/2022\/09\/Screenshot-2022-09-02-at-17-12-34-Trotz-100-Prozent-Impfquote-Gibraltar-sagt-Weihnachtsfeste-ab.png\" alt=\"\" width=\"744\" height=\"894\" srcset=\"https:\/\/ich.habe.mitgemacht.ch\/wp-content\/uploads\/2022\/09\/Screenshot-2022-09-02-at-17-12-34-Trotz-100-Prozent-Impfquote-Gibraltar-sagt-Weihnachtsfeste-ab.png 970w, https:\/\/ich.habe.mitgemacht.ch\/wp-content\/uploads\/2022\/09\/Screenshot-2022-09-02-at-17-12-34-Trotz-100-Prozent-Impfquote-Gibraltar-sagt-Weihnachtsfeste-ab-250x300.png 250w, https:\/\/ich.habe.mitgemacht.ch\/wp-content\/uploads\/2022\/09\/Screenshot-2022-09-02-at-17-12-34-Trotz-100-Prozent-Impfquote-Gibraltar-sagt-Weihnachtsfeste-ab-852x1024.png 852w, https:\/\/ich.habe.mitgemacht.ch\/wp-content\/uploads\/2022\/09\/Screenshot-2022-09-02-at-17-12-34-Trotz-100-Prozent-Impfquote-Gibraltar-sagt-Weihnachtsfeste-ab-768x923.png 768w\" sizes=\"auto, (max-width: 744px) 100vw, 744px\" \/><\/p><\/div><\/div><\/div><div class=\"ea-card sp-ea-single\"><h3 class=\"ea-header\"><a class=\"collapsed\" id=\"ea-header-2209\" role=\"button\" data-sptoggle=\"spcollapse\" data-sptarget=\"#collapse2209\" aria-controls=\"collapse2209\" href=\"#\" aria-expanded=\"false\" tabindex=\"0\"><i aria-hidden=\"true\" role=\"presentation\" class=\"ea-expand-icon eap-icon-ea-expand-plus\"><\/i> <p><strong>Nur Geimpfte an Bord: Corona-Ausbruch auf Kreuzfahrtschiff Artania<\/strong><\/p><font size=\"2\"><em>Berliner Zeitung, 01.12.2021<\/em><\/font><\/a><\/h3><div class=\"sp-collapse spcollapse spcollapse\" id=\"collapse2209\" data-parent=\"#sp-ea-220\" role=\"region\" aria-labelledby=\"ea-header-2209\"> <div class=\"ea-body\"><p>Auf dem Kreuzfahrtschiff Artania ist Corona ausgebrochen. Wie und wo sich die Menschen mit dem Virus infizierten ist noch unklar.<\/p><p><em>Berliner Zeitung, 01.12.2021<\/em><\/p><p><a href=\"https:\/\/www.berliner-zeitung.de\/news\/nur-geimpfte-an-bord-corona-ausbruch-auf-kreuzfahrtschiff-artania-li.198243\">Nur Geimpfte an Bord: Corona-Ausbruch auf Kreuzfahrtschiff Artania (berliner-zeitung.de)<\/a><\/p><p>&nbsp;<\/p><p><img loading=\"lazy\" decoding=\"async\" class=\"alignnone wp-image-265\" src=\"https:\/\/ich.habe.mitgemacht.ch\/wp-content\/uploads\/2022\/09\/Screenshot-2022-09-02-at-17-16-57-Nur-Geimpfte-an-Bord-Corona-Ausbruch-auf-Kreuzfahrtschiff-Artania.png\" alt=\"\" width=\"711\" height=\"834\" srcset=\"https:\/\/ich.habe.mitgemacht.ch\/wp-content\/uploads\/2022\/09\/Screenshot-2022-09-02-at-17-16-57-Nur-Geimpfte-an-Bord-Corona-Ausbruch-auf-Kreuzfahrtschiff-Artania.png 1002w, https:\/\/ich.habe.mitgemacht.ch\/wp-content\/uploads\/2022\/09\/Screenshot-2022-09-02-at-17-16-57-Nur-Geimpfte-an-Bord-Corona-Ausbruch-auf-Kreuzfahrtschiff-Artania-256x300.png 256w, https:\/\/ich.habe.mitgemacht.ch\/wp-content\/uploads\/2022\/09\/Screenshot-2022-09-02-at-17-16-57-Nur-Geimpfte-an-Bord-Corona-Ausbruch-auf-Kreuzfahrtschiff-Artania-872x1024.png 872w, https:\/\/ich.habe.mitgemacht.ch\/wp-content\/uploads\/2022\/09\/Screenshot-2022-09-02-at-17-16-57-Nur-Geimpfte-an-Bord-Corona-Ausbruch-auf-Kreuzfahrtschiff-Artania-768x901.png 768w\" sizes=\"auto, (max-width: 711px) 100vw, 711px\" \/><\/p><\/div><\/div><\/div><\/div><\/div>\n","protected":false},"excerpt":{"rendered":"<div class=\"mh-excerpt\"><p>Gewidmet allen jenen, die &#171;von nichts gewusst haben&#187;, nur &#171;mitgemacht haben&#187;. Warum erinnern diese Aussagen so verdammt an jene aus einer anderen Zeit? Eine kleine <a class=\"mh-excerpt-more\" href=\"https:\/\/ich.habe.mitgemacht.ch\/?page_id=54\" title=\"Ihr h\u00e4ttet es wissen k\u00f6nnen\">[&#8230;]<\/a><\/p>\n<\/div>","protected":false},"author":1,"featured_media":0,"parent":0,"menu_order":0,"comment_status":"closed","ping_status":"closed","template":"template-full.php","meta":{"footnotes":""},"class_list":["post-54","page","type-page","status-publish","hentry"],"_links":{"self":[{"href":"https:\/\/ich.habe.mitgemacht.ch\/index.php?rest_route=\/wp\/v2\/pages\/54","targetHints":{"allow":["GET"]}}],"collection":[{"href":"https:\/\/ich.habe.mitgemacht.ch\/index.php?rest_route=\/wp\/v2\/pages"}],"about":[{"href":"https:\/\/ich.habe.mitgemacht.ch\/index.php?rest_route=\/wp\/v2\/types\/page"}],"author":[{"embeddable":true,"href":"https:\/\/ich.habe.mitgemacht.ch\/index.php?rest_route=\/wp\/v2\/users\/1"}],"replies":[{"embeddable":true,"href":"https:\/\/ich.habe.mitgemacht.ch\/index.php?rest_route=%2Fwp%2Fv2%2Fcomments&post=54"}],"version-history":[{"count":10,"href":"https:\/\/ich.habe.mitgemacht.ch\/index.php?rest_route=\/wp\/v2\/pages\/54\/revisions"}],"predecessor-version":[{"id":228,"href":"https:\/\/ich.habe.mitgemacht.ch\/index.php?rest_route=\/wp\/v2\/pages\/54\/revisions\/228"}],"wp:attachment":[{"href":"https:\/\/ich.habe.mitgemacht.ch\/index.php?rest_route=%2Fwp%2Fv2%2Fmedia&parent=54"}],"curies":[{"name":"wp","href":"https:\/\/api.w.org\/{rel}","templated":true}]}}